{"id":2,"date":"2018-02-16T11:51:58","date_gmt":"2018-02-16T11:51:58","guid":{"rendered":"http:\/\/localhost\/wp\/wp481\/?page_id=2"},"modified":"2026-04-20T08:46:03","modified_gmt":"2026-04-20T08:46:03","slug":"sample-page","status":"publish","type":"page","link":"https:\/\/www.studiokokos.cz\/","title":{"rendered":"Aktuality"},"content":{"rendered":"<div data-id=\"f5c44bd\" data-element_type=\"widget\" data-widget_type=\"image-box.default\">\n<div style=\"text-align: center;\">Skl\u00e1d\u00e1\u0161 a hraje\u0161 vlastn\u00ed songy? Je ti do 18 let? Po\u0161li t\u0159i nahr\u00e1vky a p\u0159ije\u010f na festival, kter\u00fd se kon\u00e1 v Jablonci nad Nisou!<\/div>\n<div style=\"text-align: center;\"><a href=\"https:\/\/docs.google.com\/forms\/d\/e\/1FAIpQLSfxkUhx-B2mnoCvG9VCMoR2obcbbrWgKsxyeM46gIw6xz9_nw\/viewform?usp=header\" target=\"_blank\" rel=\"noopener\">P\u0159ihl\u00e1\u0161ky mo\u017en\u00e9 zas\u00edlat ZDE.<\/a><\/div>\n<div>\n<p><img loading=\"lazy\" class=\"aligncenter size-full wp-image-2038\" style=\"margin-top: 0.4em;\" src=\"http:\/\/www.studiokokos.cz\/wp-content\/uploads\/2026\/02\/25-Harmony-fest-tiskoviny-SDILENE-3.png\" alt=\"\" width=\"1587\" height=\"2245\" srcset=\"https:\/\/www.studiokokos.cz\/wp-content\/uploads\/2026\/02\/25-Harmony-fest-tiskoviny-SDILENE-3.png 1587w, https:\/\/www.studiokokos.cz\/wp-content\/uploads\/2026\/02\/25-Harmony-fest-tiskoviny-SDILENE-3-212x300.png 212w, https:\/\/www.studiokokos.cz\/wp-content\/uploads\/2026\/02\/25-Harmony-fest-tiskoviny-SDILENE-3-724x1024.png 724w, https:\/\/www.studiokokos.cz\/wp-content\/uploads\/2026\/02\/25-Harmony-fest-tiskoviny-SDILENE-3-768x1086.png 768w, https:\/\/www.studiokokos.cz\/wp-content\/uploads\/2026\/02\/25-Harmony-fest-tiskoviny-SDILENE-3-1086x1536.png 1086w, https:\/\/www.studiokokos.cz\/wp-content\/uploads\/2026\/02\/25-Harmony-fest-tiskoviny-SDILENE-3-1448x2048.png 1448w, https:\/\/www.studiokokos.cz\/wp-content\/uploads\/2026\/02\/25-Harmony-fest-tiskoviny-SDILENE-3-1320x1867.png 1320w, https:\/\/www.studiokokos.cz\/wp-content\/uploads\/2026\/02\/25-Harmony-fest-tiskoviny-SDILENE-3-300x424.png 300w\" sizes=\"(max-width: 1587px) 100vw, 1587px\" \/><\/p>\n<hr \/>\n<p>P\u0159edkolo hudebn\u00ed sout\u011b\u017ee Porta prob\u011bhnev klubu Stage 25.4. 2026.P\u0159ihla\u0161ujte se p\u0159es <a href=\"https:\/\/porta-festival.cz\/pro-soutezici\/oblastni-kola\/porta-severoceska-2026\" target=\"_blank\" rel=\"noopener\">webov\u00e9 str\u00e1nky Porty.\u00a0<\/a> Posledn\u00edch p\u00e1r voln\u00fdch m\u00edst!<\/p>\n<p>&nbsp;<\/p>\n<p><img loading=\"lazy\" class=\"aligncenter size-full wp-image-2037\" style=\"margin-top: 0.4em;\" src=\"http:\/\/www.studiokokos.cz\/wp-content\/uploads\/2026\/02\/Porta-severoceska-Poster-oblastni-kola-1.png\" alt=\"\" width=\"1587\" height=\"2245\" srcset=\"https:\/\/www.studiokokos.cz\/wp-content\/uploads\/2026\/02\/Porta-severoceska-Poster-oblastni-kola-1.png 1587w, https:\/\/www.studiokokos.cz\/wp-content\/uploads\/2026\/02\/Porta-severoceska-Poster-oblastni-kola-1-212x300.png 212w, https:\/\/www.studiokokos.cz\/wp-content\/uploads\/2026\/02\/Porta-severoceska-Poster-oblastni-kola-1-724x1024.png 724w, https:\/\/www.studiokokos.cz\/wp-content\/uploads\/2026\/02\/Porta-severoceska-Poster-oblastni-kola-1-768x1086.png 768w, https:\/\/www.studiokokos.cz\/wp-content\/uploads\/2026\/02\/Porta-severoceska-Poster-oblastni-kola-1-1086x1536.png 1086w, https:\/\/www.studiokokos.cz\/wp-content\/uploads\/2026\/02\/Porta-severoceska-Poster-oblastni-kola-1-1448x2048.png 1448w, https:\/\/www.studiokokos.cz\/wp-content\/uploads\/2026\/02\/Porta-severoceska-Poster-oblastni-kola-1-1320x1867.png 1320w, https:\/\/www.studiokokos.cz\/wp-content\/uploads\/2026\/02\/Porta-severoceska-Poster-oblastni-kola-1-300x424.png 300w\" sizes=\"(max-width: 1587px) 100vw, 1587px\" \/><\/p>\n<hr \/>\n<div style=\"text-align: center;\"><span style=\"color: #000080;\"><strong>Severo\u010desk\u00e9 oblastn\u00ed kolo D\u011btsk\u00e9 Porty <\/strong><\/span><\/div>\n<div style=\"text-align: center;\">\n<p>Otev\u0159en\u00e1 hudebn\u00ed interpreta\u010dn\u00ed a autorsk\u00e1 sout\u011b\u017e v oblasti folk, country a podobn\u00fdch \u017e\u00e1nr\u016f pro d\u011btsk\u00e9 odd\u00edly, skupiny i jednotlivce ve v\u011bku do 20 let.<\/p>\n<p>p\u0159ihl\u00e1\u0161ky vypl\u0148ujte zde: <a class=\"x1fey0fg xmper1u x1edh9d7\" href=\"https:\/\/forms.gle\/fcmrntWHReUctRgg8\">https:\/\/forms.gle\/fcmrntWHReUctRgg8\u00a0<\/a><\/p>\n<p><img loading=\"lazy\" class=\"aligncenter size-full wp-image-2033\" src=\"http:\/\/www.studiokokos.cz\/wp-content\/uploads\/2026\/02\/Oblastni-kolo-detske-Porty-25-Prispevek-na-Facebooku.png\" alt=\"\" width=\"940\" height=\"788\" srcset=\"https:\/\/www.studiokokos.cz\/wp-content\/uploads\/2026\/02\/Oblastni-kolo-detske-Porty-25-Prispevek-na-Facebooku.png 940w, https:\/\/www.studiokokos.cz\/wp-content\/uploads\/2026\/02\/Oblastni-kolo-detske-Porty-25-Prispevek-na-Facebooku-300x251.png 300w, https:\/\/www.studiokokos.cz\/wp-content\/uploads\/2026\/02\/Oblastni-kolo-detske-Porty-25-Prispevek-na-Facebooku-768x644.png 768w, https:\/\/www.studiokokos.cz\/wp-content\/uploads\/2026\/02\/Oblastni-kolo-detske-Porty-25-Prispevek-na-Facebooku-358x300.png 358w\" sizes=\"(max-width: 940px) 100vw, 940px\" \/><\/p>\n<\/div>\n<div>\n<hr \/>\n<\/div>\n<div><\/div>\n<div style=\"text-align: center;\">Ji\u017e jsme spustili p\u0159ihla\u0161ov\u00e1n\u00ed na<strong> jarn\u00ed m\u00f3dn\u00ed hudebn\u00ed v\u00edkend pro muzikanty do 18let<\/strong>, kter\u00fd prob\u011bhne op\u011bt na Hotelu Kafka na Mal\u00e9 Sk\u00e1le v term\u00ednu 17. &#8211; 19. 4. 2026. T\u011b\u0161\u00edme se na V\u00e1s!<\/div>\n<div style=\"text-align: center;\"><a href=\"https:\/\/docs.google.com\/forms\/d\/e\/1FAIpQLSeZrDyf1dL0i7Vwz7jqJGjZlVpsGXe48jWBA2xDq_41SoqDJw\/viewform\" target=\"_blank\" rel=\"noopener\" data-saferedirecturl=\"https:\/\/www.google.com\/url?q=https:\/\/docs.google.com\/forms\/d\/e\/1FAIpQLSeZrDyf1dL0i7Vwz7jqJGjZlVpsGXe48jWBA2xDq_41SoqDJw\/viewform&amp;source=gmail&amp;ust=1769459385109000&amp;usg=AOvVaw3Nicl44KPRJI4yz1c1rf6o\">P\u0159ihla\u0161ov\u00e1n\u00ed mo\u017en\u00e9 ZDE<\/a><\/div>\n<div style=\"text-align: center;\"><a href=\"https:\/\/www.studiokokos.cz\/index.php\/hudebni-vikend-do-18-let\/\" target=\"_blank\" rel=\"noopener\" data-saferedirecturl=\"https:\/\/www.google.com\/url?q=https:\/\/www.studiokokos.cz\/index.php\/hudebni-vikend-do-18-let\/&amp;source=gmail&amp;ust=1769459385109000&amp;usg=AOvVaw3wQEYxCqAMmBWU5nzSj2TO\">V\u00edce informac\u00ed ZDE<\/a><\/div>\n<p><img loading=\"lazy\" class=\"aligncenter size-full wp-image-2012\" src=\"http:\/\/www.studiokokos.cz\/wp-content\/uploads\/2026\/01\/Fashion-hudebni-vikend.png\" alt=\"\" width=\"940\" height=\"788\" srcset=\"https:\/\/www.studiokokos.cz\/wp-content\/uploads\/2026\/01\/Fashion-hudebni-vikend.png 940w, https:\/\/www.studiokokos.cz\/wp-content\/uploads\/2026\/01\/Fashion-hudebni-vikend-300x251.png 300w, https:\/\/www.studiokokos.cz\/wp-content\/uploads\/2026\/01\/Fashion-hudebni-vikend-768x644.png 768w, https:\/\/www.studiokokos.cz\/wp-content\/uploads\/2026\/01\/Fashion-hudebni-vikend-358x300.png 358w\" sizes=\"(max-width: 940px) 100vw, 940px\" \/><\/p>\n<hr \/>\n<p style=\"text-align: center;\"><span style=\"color: #000000;\"><strong>Tradi\u010dn\u00ed hudebn\u00ed t\u00e1bor v Rakous\u00edch je obsazen, ale m\u016f\u017eete zkusit \u0161t\u011bst\u00ed jako n\u00e1hradn\u00edk!<\/strong><\/span><\/p>\n<h4 style=\"text-align: center;\"><a href=\"https:\/\/docs.google.com\/forms\/d\/e\/1FAIpQLSewZ1b2X0DN1ls1_oX9k9UE_W_Xr43lYYmng0hzc4exmrcUHg\/viewform?usp=publish-editor\" target=\"_blank\" rel=\"noopener\">P\u0159ihl\u00e1\u0161ov\u00e1n\u00ed PRO N\u00c1HRADN\u00cdKY ZDE<\/a><\/h4>\n<h4 style=\"text-align: center;\"><a href=\"https:\/\/www.studiokokos.cz\/index.php\/letni-tabor-hudebni\/\">V\u00edce informac\u00ed ZDE<\/a><\/h4>\n<p style=\"text-align: center;\">Zveme v\u0161echny muzikanty: poje\u010fte s n\u00e1mi na n\u00e1v\u0161t\u011bvu starov\u011bk\u00e9ho \u0158ecka, \u0158\u00edma, \u010di Egypta a u\u017eijte si u toho spoustu legrace!<\/p>\n<p style=\"text-align: center;\">16.-21.8.2026<\/p>\n<p><img loading=\"lazy\" class=\"aligncenter size-full wp-image-2046\" src=\"http:\/\/www.studiokokos.cz\/wp-content\/uploads\/2026\/04\/hudebni-tabor-26-1.png\" alt=\"\" width=\"940\" height=\"788\" srcset=\"https:\/\/www.studiokokos.cz\/wp-content\/uploads\/2026\/04\/hudebni-tabor-26-1.png 940w, https:\/\/www.studiokokos.cz\/wp-content\/uploads\/2026\/04\/hudebni-tabor-26-1-300x251.png 300w, https:\/\/www.studiokokos.cz\/wp-content\/uploads\/2026\/04\/hudebni-tabor-26-1-768x644.png 768w, https:\/\/www.studiokokos.cz\/wp-content\/uploads\/2026\/04\/hudebni-tabor-26-1-358x300.png 358w\" sizes=\"(max-width: 940px) 100vw, 940px\" \/><\/p>\n<div>\n<hr \/>\n<\/div>\n<div>A dal\u0161\u00ed term\u00edny, kter\u00e9 by V\u00e1s mohly zaj\u00edmat:<\/div>\n<div><\/div>\n<div>25.4. Oblastn\u00ed kolo Porty, jako host zahraje Samson<\/div>\n<div>26.4. Oblastn\u00ed kolo D\u011btsk\u00e9 Porty<\/div>\n<div>13.6. Ukon\u010den\u00ed p\u0159ihla\u0161ov\u00e1n\u00ed na autorskou sout\u011b\u017e Harmony Fest (online)<\/div>\n<div><\/div>\n<div>19. 9. Fin\u00e1le HarmonyFestu (Jablonec nad Nisou)<\/div>\n<div><\/div>\n<div>P\u0159\u00edm\u011bstsk\u00fd indi\u00e1nsk\u00fd t\u00e1bor na Dobr\u00e9 Vod\u011b letos z organiza\u010dn\u00edch d\u016fvod\u016f neprob\u011bhne.<\/div>\n<div><\/div>\n<div>T\u011b\u0161\u00edme se na brzsk\u00e1 setk\u00e1n\u00ed!<\/div>\n<div><\/div>\n<hr \/>\n<p style=\"text-align: center;\">D\u011bkujeme za p\u0159\u00edze\u0148 a t\u011b\u0161\u00edme se na dal\u0161\u00ed setk\u00e1v\u00e1n\u00ed s fajn muzikou i v roce 2026!<\/p>\n<p><img loading=\"lazy\" class=\"aligncenter size-full wp-image-2010\" src=\"http:\/\/www.studiokokos.cz\/wp-content\/uploads\/2025\/12\/Merry-Christmas-and-Happy-New-Year-Facebook-Post.png\" alt=\"\" width=\"940\" height=\"788\" srcset=\"https:\/\/www.studiokokos.cz\/wp-content\/uploads\/2025\/12\/Merry-Christmas-and-Happy-New-Year-Facebook-Post.png 940w, https:\/\/www.studiokokos.cz\/wp-content\/uploads\/2025\/12\/Merry-Christmas-and-Happy-New-Year-Facebook-Post-300x251.png 300w, https:\/\/www.studiokokos.cz\/wp-content\/uploads\/2025\/12\/Merry-Christmas-and-Happy-New-Year-Facebook-Post-768x644.png 768w, https:\/\/www.studiokokos.cz\/wp-content\/uploads\/2025\/12\/Merry-Christmas-and-Happy-New-Year-Facebook-Post-358x300.png 358w\" sizes=\"(max-width: 940px) 100vw, 940px\" \/><\/p>\n<div style=\"text-align: center;\">\n<p>&nbsp;<\/p>\n<div style=\"text-align: left;\">\n<hr \/>\n<p style=\"text-align: center;\"><span style=\"color: #800000;\"><b>Chete darovat a nev\u00edte co? T\u0159eba V\u00e1s inspirujeme, darujte poukaz na jakoukoli akci\/lekci ve studiu Kokos.<\/b><\/span><\/p>\n<p style=\"text-align: center;\">Poukazy lze pou\u017e\u00edt na jakoukoli pobytovou akci Studia Kokos, \u010di na individu\u00e1ln\u00ed lekce u na\u0161ich lektor\u016f. <strong><a href=\"https:\/\/docs.google.com\/forms\/d\/e\/1FAIpQLSdpoirJaJdjmHNadZYX8ddUcGxD_6Gc3S2kkxojXBQ-g-zTpg\/viewform?usp=sf_link\" target=\"_blank\" rel=\"noopener\">Sta\u010d\u00ed vyplnit tento formul\u00e1\u0159. <\/a><\/strong>Pokud na poukaz sp\u011bch\u00e1te, ide\u00e1ln\u011b napi\u0161te je\u0161t\u011b e-mail na katka.simonova@studiokokos.cz. I tak ale po\u010d\u00edtejte rad\u011bji s \u010dasovou rezervou 5-7dn\u00ed.<\/p>\n<p><img loading=\"lazy\" class=\"aligncenter size-full wp-image-1849\" src=\"http:\/\/www.studiokokos.cz\/wp-content\/uploads\/2024\/11\/Pridat-nadpis-3.png\" alt=\"\" width=\"940\" height=\"788\" srcset=\"https:\/\/www.studiokokos.cz\/wp-content\/uploads\/2024\/11\/Pridat-nadpis-3.png 940w, https:\/\/www.studiokokos.cz\/wp-content\/uploads\/2024\/11\/Pridat-nadpis-3-300x251.png 300w, https:\/\/www.studiokokos.cz\/wp-content\/uploads\/2024\/11\/Pridat-nadpis-3-768x644.png 768w, https:\/\/www.studiokokos.cz\/wp-content\/uploads\/2024\/11\/Pridat-nadpis-3-358x300.png 358w\" sizes=\"(max-width: 940px) 100vw, 940px\" \/><\/p>\n<p style=\"text-align: center;\">(Foto Ilustra\u010dn\u00ed.)<\/p>\n<\/div>\n<\/div>\n<hr \/>\n<\/div>\n<div>\n<div>\n<p class=\"gmail-CDt4Ke\" dir=\"ltr\">Oblastn\u00ed kolo <strong>hudebn\u00ed sout\u011b\u017ee Br\u00e1na<\/strong> prob\u011bhlo <strong>19. 10. 2025<\/strong> v Jablonci nad Nisou v klubu Stage (Jir\u00e1skova 1, 466 01 Jablonec nad Nisou)\u00a0 a tito \u00fa\u010dastn\u00edci byli ocen\u011bni:<\/p>\n<p dir=\"ltr\"><img loading=\"lazy\" class=\"aligncenter size-full wp-image-1991\" src=\"http:\/\/www.studiokokos.cz\/wp-content\/uploads\/2025\/11\/Brana-25-3.png\" alt=\"\" width=\"1414\" height=\"2000\" srcset=\"https:\/\/www.studiokokos.cz\/wp-content\/uploads\/2025\/11\/Brana-25-3.png 1414w, https:\/\/www.studiokokos.cz\/wp-content\/uploads\/2025\/11\/Brana-25-3-212x300.png 212w, https:\/\/www.studiokokos.cz\/wp-content\/uploads\/2025\/11\/Brana-25-3-724x1024.png 724w, https:\/\/www.studiokokos.cz\/wp-content\/uploads\/2025\/11\/Brana-25-3-768x1086.png 768w, https:\/\/www.studiokokos.cz\/wp-content\/uploads\/2025\/11\/Brana-25-3-1086x1536.png 1086w, https:\/\/www.studiokokos.cz\/wp-content\/uploads\/2025\/11\/Brana-25-3-1320x1867.png 1320w, https:\/\/www.studiokokos.cz\/wp-content\/uploads\/2025\/11\/Brana-25-3-300x424.png 300w\" sizes=\"(max-width: 1414px) 100vw, 1414px\" \/><\/p>\n<p>&nbsp;<\/p>\n<hr \/>\n<div data-id=\"f5c44bd\" data-element_type=\"widget\" data-widget_type=\"image-box.default\">\n<div class=\"m8h3af8h l7ghb35v kjdc1dyq kmwttqpk gh25dzvf n3t5jt4f\">\n<div style=\"text-align: center;\" data-offset-key=\"288tl-0-0\">\n<h1><img loading=\"lazy\" class=\"wp-image-1612 alignleft\" src=\"http:\/\/www.studiokokos.cz\/wp-content\/uploads\/2023\/08\/PO.jpg\" alt=\"\" width=\"193\" height=\"163\" srcset=\"https:\/\/www.studiokokos.cz\/wp-content\/uploads\/2023\/08\/PO.jpg 940w, https:\/\/www.studiokokos.cz\/wp-content\/uploads\/2023\/08\/PO-768x644.jpg 768w, https:\/\/www.studiokokos.cz\/wp-content\/uploads\/2023\/08\/PO-358x300.jpg 358w\" sizes=\"(max-width: 193px) 100vw, 193px\" \/><strong><span style=\"color: #800000;\">&gt;&gt;&gt; P\u0158IHL\u00c1\u0160EN\u00cd NA PRAVIDELN\u00c9 LEKCE\u00a0&lt;&lt;&lt;<\/span><\/strong><\/h1>\n<p style=\"text-align: center;\"><span style=\"color: #800000;\">Dobr\u00fd den,<\/span><br \/>\n<span style=\"color: #800000;\">velice si v\u00e1\u017e\u00edme va\u0161eho z\u00e1jmu o za\u0159azen\u00ed do pravideln\u00e9 v\u00fduky hudby ve Studiu Kokos, tedy jak my \u0159\u00edk\u00e1me &#8211; st\u00e1t se &#8220;Kokos\u00e1kem&#8221; :-).<\/span><\/p>\n<ol>\n<li><strong><span style=\"color: #800000;\">NOV\u00cd \u017d\u00c1CI &#8211;\u00a0 vypl\u0148te, pros\u00edm, formul\u00e1\u0159 <a href=\"https:\/\/docs.google.com\/forms\/d\/e\/1FAIpQLSfuzJJMdtDxLvuTrfGodEJzIWHozvZf6rrbmZOih1oWxYV-Vg\/viewform?usp=sf_link\" target=\"_blank\" rel=\"noopener noreferrer\">\u017d\u00c1DOST O ZA\u0158AZEN\u00cd DO V\u00ddUKY<\/a><\/span><\/strong><\/li>\n<li><strong><span style=\"color: #800000;\">\u017d\u00c1CI, KTE\u0158\u00cd POKRA\u010cUJ\u00cd &#8211; kontaktujte sv\u00e9ho lektora, nebo vypl\u0148 formul\u00e1\u0159 <a href=\"https:\/\/docs.google.com\/forms\/d\/e\/1FAIpQLSfuzJJMdtDxLvuTrfGodEJzIWHozvZf6rrbmZOih1oWxYV-Vg\/viewform?usp=sf_link\" target=\"_blank\" rel=\"noopener noreferrer\">\u017d\u00c1DOST O ZA\u0158AZEN\u00cd DO V\u00ddUKY<\/a><\/span><\/strong><\/li>\n<\/ol>\n<\/div>\n<div data-offset-key=\"288tl-0-0\"><span style=\"color: #800000;\">A kdo by cht\u011bl zn\u00e1t z\u00e1kulis\u00ed z\u00e1pisu a odpov\u011b\u010f na ot\u00e1zku, pro\u010d to moje um\u00edst\u011bn\u00ed do v\u00fduky mo\u017en\u00e1 trochu trv\u00e1, \u010dt\u011bte d\u00e1le:<\/span><\/div>\n<div data-offset-key=\"288tl-0-0\">Ve v\u011bt\u0161in\u011b p\u0159\u00edpad\u016f se jedn\u00e1 o lekce individu\u00e1ln\u00ed a usazen\u00ed do rozvrhu se \u0159\u00edd\u00ed hned n\u011bkolika prom\u011bnn\u00fdmi, kter\u00e9 b\u00fdvaj\u00ed dost \u010dasto skute\u010dn\u011b prom\u011bnn\u00e9. V prv\u00e9 \u0159ad\u011b \u010dek\u00e1me, jak\u00fd prostor n\u00e1m nab\u00eddne samotn\u00fd lektor (jsou to studenti a \u010dekaj\u00ed na rozvrh ve \u0161kole, nebo ve \u0161kole u\u010d\u00ed a tedy na rozvrh \u010dekaj\u00ed tak\u00e9, nebo jen \u010dekaj\u00ed a\u017e jejich \u017e\u00e1ci z lo\u0148sk\u00e9ho roku budou v\u011bd\u011bt, kdy mohou chodit na lekce). A n\u00e1sledn\u011b do voln\u00fdch ok\u00fdnek ji\u017e za\u010dneme usazovat \u017e\u00e1ky, p\u0159ednostn\u011b ty, kte\u0159\u00ed pokra\u010duj\u00ed, n\u00e1sledn\u011b nov\u00e1\u010dky v po\u0159ad\u00ed, ve kter\u00e9m se p\u0159ihl\u00e1sili (v t\u00e9to chv\u00edli s\u00e1hneme pr\u00e1v\u011b do t\u011bchto \u017e\u00e1dost\u00ed). Aby toho nebylo m\u00e1lo, v\u0161e mus\u00edme usadit tak, abychom se ve\u0161li do u\u010deben :-). Zd\u00e1 se to jako nadlidsk\u00fd \u00fakol, z\u00e1jemc\u016f je \u010d\u00edm d\u00e1l v\u00edc (co\u017e je skv\u011bl\u00e9!) ale nebojte se, na\u0161e skv\u011bl\u00e1 Alenka Schernstein to zvl\u00e1dne! V\u0161ichni pevn\u011b douf\u00e1me, \u017ee se rozvrh poda\u0159\u00ed sestavit tak, aby vyhovoval V\u00e1m, n\u00e1m i lektor\u016fm.<\/div>\n<div data-offset-key=\"288tl-0-0\"><\/div>\n<\/div>\n<\/div>\n<\/div>\n<div>\n<div style=\"text-align: center;\"><\/div>\n<\/div>\n<\/div>\n<div><\/div>\n<\/div>\n<div data-id=\"f5c44bd\" data-element_type=\"widget\" data-widget_type=\"image-box.default\">\n<div class=\"m8h3af8h l7ghb35v kjdc1dyq kmwttqpk gh25dzvf n3t5jt4f\">\n<div data-offset-key=\"288tl-0-0\"><\/div>\n<\/div>\n<\/div>\n<div class=\"m8h3af8h l7ghb35v kjdc1dyq kmwttqpk gh25dzvf n3t5jt4f\">\n<hr \/>\n<p style=\"text-align: center;\"><span style=\"color: #000000; font-weight: bold;\">Skv\u011bl\u00e1 \u0161ance pro mal\u00e9 hudebn\u011b lad\u011bn\u00e9 d\u011bti\u010dky od 3 let! <\/span><\/p>\n<\/div>\n<p style=\"text-align: center;\"><em>Na ja\u0159e jsme zah\u00e1jili spolupr\u00e1ci s nov\u011b vznikaj\u00edc\u00edm hudebn\u00edm a anglick\u00fdm studiem Notabene.<\/em><\/p>\n<h2 style=\"text-align: center;\">\u00a0V\u00edce informac\u00ed na <a href=\"https:\/\/www.atelier-notabene.cz\/\" target=\"_blank\" rel=\"noopener\">atelier-notabene.cz<\/a><\/h2>\n<div class=\"elementor-element elementor-element-f5c44bd elementor-position-left elementor-vertical-align-middle elementor-widget-mobile__width-initial elementor-widget elementor-widget-image-box\" data-id=\"f5c44bd\" data-element_type=\"widget\" data-widget_type=\"image-box.default\">\n<div class=\"elementor-widget-container\">\n<div class=\"elementor-image-box-wrapper\">\n<div class=\"elementor-image-box-content\">\n<h5 class=\"elementor-image-box-title\"><img loading=\"lazy\" class=\"aligncenter size-full wp-image-1620\" src=\"http:\/\/www.studiokokos.cz\/wp-content\/uploads\/2023\/08\/letak-Nova-spoluprace-s-Notabene-scaled.jpg\" alt=\"\" width=\"2560\" height=\"2151\" srcset=\"https:\/\/www.studiokokos.cz\/wp-content\/uploads\/2023\/08\/letak-Nova-spoluprace-s-Notabene-scaled.jpg 2560w, https:\/\/www.studiokokos.cz\/wp-content\/uploads\/2023\/08\/letak-Nova-spoluprace-s-Notabene-300x252.jpg 300w, https:\/\/www.studiokokos.cz\/wp-content\/uploads\/2023\/08\/letak-Nova-spoluprace-s-Notabene-1024x860.jpg 1024w, https:\/\/www.studiokokos.cz\/wp-content\/uploads\/2023\/08\/letak-Nova-spoluprace-s-Notabene-768x645.jpg 768w, https:\/\/www.studiokokos.cz\/wp-content\/uploads\/2023\/08\/letak-Nova-spoluprace-s-Notabene-1536x1290.jpg 1536w, https:\/\/www.studiokokos.cz\/wp-content\/uploads\/2023\/08\/letak-Nova-spoluprace-s-Notabene-2048x1721.jpg 2048w, https:\/\/www.studiokokos.cz\/wp-content\/uploads\/2023\/08\/letak-Nova-spoluprace-s-Notabene-357x300.jpg 357w, https:\/\/www.studiokokos.cz\/wp-content\/uploads\/2023\/08\/letak-Nova-spoluprace-s-Notabene-1320x1109.jpg 1320w\" sizes=\"(max-width: 2560px) 100vw, 2560px\" \/><\/h5>\n<\/div>\n<\/div>\n<\/div>\n<\/div>\n<div class=\"m8h3af8h l7ghb35v kjdc1dyq kmwttqpk gh25dzvf n3t5jt4f\">\n<div class=\"m8h3af8h l7ghb35v kjdc1dyq kmwttqpk gh25dzvf n3t5jt4f\">\n<hr \/>\n<\/div>\n<\/div>\n<p style=\"text-align: center;\"><span style=\"color: #008000;\"><a href=\"https:\/\/docs.google.com\/forms\/d\/e\/1FAIpQLSeu3BJyGM4tV-y1mS-Jw2KbdlDfudWWlqVPaQnw9dVJV8-5KA\/viewform?usp=sf_link\"><img loading=\"lazy\" class=\"wp-image-1532 alignleft\" src=\"http:\/\/www.studiokokos.cz\/wp-content\/uploads\/2023\/02\/piktogram-zavinac-infomail.png\" alt=\"\" width=\"90\" height=\"110\" \/><\/a>Kdo m\u00e1te z\u00e1jem dost\u00e1vat novinky a informace z d\u011bn\u00ed z Kokosu p\u0159\u00edmo do va\u0161\u00ed e-mailov\u00e9 schr\u00e1nky, pros\u00edm, <a style=\"color: #008000;\" href=\"https:\/\/docs.google.com\/forms\/d\/e\/1FAIpQLSeu3BJyGM4tV-y1mS-Jw2KbdlDfudWWlqVPaQnw9dVJV8-5KA\/viewform?usp=sf_link\"><strong>vypl\u0148te sv\u016fj e-mail zde<\/strong><\/a><strong>. Nem\u011bjte strach, \u017e\u00e1dn\u00e1 velk\u00e1 z\u00e1plava e-malu\u016f, od n\u00e1s chodit nebude. <\/strong>Pokud ale i tak by V\u00e1s u\u017e na\u0161e novinky p\u0159estaly zaj\u00edmat, sta\u010d\u00ed napsat a budete z datab\u00e1ze vy\u0159azeni.<\/span><\/p>\n<p>&nbsp;<\/p>\n<hr \/>\n<div style=\"text-align: center;\" data-offset-key=\"288tl-0-0\"><\/div>\n<div data-offset-key=\"288tl-0-0\">\n<p style=\"text-align: center;\"><a href=\"http:\/\/www.studiokokos.cz\/index.php\/hudebni-nauka\/\" target=\"_blank\" rel=\"noopener noreferrer\"><span style=\"color: #ff6600;\"><strong><img loading=\"lazy\" class=\"size-full wp-image-982 aligncenter\" src=\"http:\/\/www.studiokokos.cz\/wp-content\/uploads\/2021\/03\/hudebni-nauka-letak.jpg\" alt=\"\" width=\"1587\" height=\"2245\" srcset=\"https:\/\/www.studiokokos.cz\/wp-content\/uploads\/2021\/03\/hudebni-nauka-letak.jpg 1587w, https:\/\/www.studiokokos.cz\/wp-content\/uploads\/2021\/03\/hudebni-nauka-letak-300x424.jpg 300w, https:\/\/www.studiokokos.cz\/wp-content\/uploads\/2021\/03\/hudebni-nauka-letak-212x300.jpg 212w, https:\/\/www.studiokokos.cz\/wp-content\/uploads\/2021\/03\/hudebni-nauka-letak-768x1086.jpg 768w, https:\/\/www.studiokokos.cz\/wp-content\/uploads\/2021\/03\/hudebni-nauka-letak-724x1024.jpg 724w\" sizes=\"(max-width: 1587px) 100vw, 1587px\" \/><\/strong><\/span><\/a><\/p>\n<\/div>\n<div class=\"o9v6fnle cxmmr5t8 oygrvhab hcukyx3x c1et5uql ii04i59q\">\n<div dir=\"auto\" style=\"text-align: center;\"><\/div>\n<\/div>\n<hr \/>\n<h1><\/h1>\n<p><img loading=\"lazy\" class=\"size-full wp-image-772 aligncenter\" src=\"http:\/\/www.studiokokos.cz\/wp-content\/uploads\/2020\/04\/chce\u0161-nahr\u00e1vku-2.jpg\" alt=\"\" width=\"1587\" height=\"2245\" srcset=\"https:\/\/www.studiokokos.cz\/wp-content\/uploads\/2020\/04\/chce\u0161-nahr\u00e1vku-2.jpg 1587w, https:\/\/www.studiokokos.cz\/wp-content\/uploads\/2020\/04\/chce\u0161-nahr\u00e1vku-2-300x424.jpg 300w, https:\/\/www.studiokokos.cz\/wp-content\/uploads\/2020\/04\/chce\u0161-nahr\u00e1vku-2-212x300.jpg 212w, https:\/\/www.studiokokos.cz\/wp-content\/uploads\/2020\/04\/chce\u0161-nahr\u00e1vku-2-768x1086.jpg 768w, https:\/\/www.studiokokos.cz\/wp-content\/uploads\/2020\/04\/chce\u0161-nahr\u00e1vku-2-724x1024.jpg 724w\" sizes=\"(max-width: 1587px) 100vw, 1587px\" \/><\/p>\n<p>&nbsp;<\/p>\n<hr \/>\n<p>&nbsp;<\/p>\n<p style=\"text-align: center;\">Finan\u010dn\u011b n\u00e1s podporuj\u00ed:<\/p>\n<p style=\"text-align: center;\"><strong>Jabloneck\u00fd pivovar\u00a0<a href=\"https:\/\/pivovarvolt.cz\/\" target=\"_blank\" rel=\"noopener noreferrer\">Volt<\/a><\/strong><\/p>\n<p style=\"text-align: center;\">pan<strong> Petr Pochop<\/strong><\/p>\n<p style=\"text-align: center;\">man\u017eel\u00e9 <strong>S\u00e1bl\u00edkovi<\/strong><\/p>\n<p style=\"text-align: center;\">man\u017eel\u00e9 <strong>\u0160imonovi<\/strong><\/p>\n<p><img loading=\"lazy\" class=\"wp-image-720 aligncenter\" src=\"http:\/\/www.studiokokos.cz\/wp-content\/uploads\/2020\/02\/1b-jablonec_standard.jpg\" alt=\"\" width=\"327\" height=\"189\" \/><\/p>\n<p><img loading=\"lazy\" class=\"wp-image-722 aligncenter\" src=\"http:\/\/www.studiokokos.cz\/wp-content\/uploads\/2020\/02\/LK-Logotype-PANTONE-Cool-Gray-11-U.jpg\" alt=\"\" width=\"417\" height=\"169\" \/><\/p>\n<p>&nbsp;<\/p>\n<p style=\"text-align: center;\">\u00a0D\u011bkujeme!<\/p>\n<p>&nbsp;<\/p>\n<p style=\"text-align: center;\">Nov\u011b spolupracujeme s atel\u00e9rem Notabene<img loading=\"lazy\" class=\"aligncenter size-full wp-image-1557\" src=\"http:\/\/www.studiokokos.cz\/wp-content\/uploads\/2023\/03\/Logo-s-nadpisem.jpeg\" alt=\"\" width=\"301\" height=\"478\" srcset=\"https:\/\/www.studiokokos.cz\/wp-content\/uploads\/2023\/03\/Logo-s-nadpisem.jpeg 301w, https:\/\/www.studiokokos.cz\/wp-content\/uploads\/2023\/03\/Logo-s-nadpisem-189x300.jpeg 189w, https:\/\/www.studiokokos.cz\/wp-content\/uploads\/2023\/03\/Logo-s-nadpisem-300x476.jpeg 300w\" sizes=\"(max-width: 301px) 100vw, 301px\" \/><\/p>\n<p><img loading=\"lazy\" class=\"aligncenter size-full wp-image-1916\" src=\"http:\/\/www.studiokokos.cz\/wp-content\/uploads\/2025\/03\/Oblastni-kolo-detske-Porty-25.png\" alt=\"\" width=\"1414\" height=\"2000\" srcset=\"https:\/\/www.studiokokos.cz\/wp-content\/uploads\/2025\/03\/Oblastni-kolo-detske-Porty-25.png 1414w, https:\/\/www.studiokokos.cz\/wp-content\/uploads\/2025\/03\/Oblastni-kolo-detske-Porty-25-212x300.png 212w, https:\/\/www.studiokokos.cz\/wp-content\/uploads\/2025\/03\/Oblastni-kolo-detske-Porty-25-724x1024.png 724w, https:\/\/www.studiokokos.cz\/wp-content\/uploads\/2025\/03\/Oblastni-kolo-detske-Porty-25-768x1086.png 768w, https:\/\/www.studiokokos.cz\/wp-content\/uploads\/2025\/03\/Oblastni-kolo-detske-Porty-25-1086x1536.png 1086w, https:\/\/www.studiokokos.cz\/wp-content\/uploads\/2025\/03\/Oblastni-kolo-detske-Porty-25-1320x1867.png 1320w, https:\/\/www.studiokokos.cz\/wp-content\/uploads\/2025\/03\/Oblastni-kolo-detske-Porty-25-300x424.png 300w\" sizes=\"(max-width: 1414px) 100vw, 1414px\" \/><\/p>\n","protected":false},"excerpt":{"rendered":"<p>Skl\u00e1d\u00e1\u0161 a hraje\u0161 vlastn\u00ed songy? Je ti do 18 let? Po\u0161li t\u0159i nahr\u00e1vky a p\u0159ije\u010f na festival, kter\u00fd se kon\u00e1 v Jablonci nad Nisou! P\u0159ihl\u00e1\u0161ky mo\u017en\u00e9 zas\u00edlat ZDE. P\u0159edkolo hudebn\u00ed sout\u011b\u017ee Porta prob\u011bhnev klubu Stage 25.4. 2026.P\u0159ihla\u0161ujte se p\u0159es webov\u00e9 &hellip; <a href=\"https:\/\/www.studiokokos.cz\/\">Cel\u00fd p\u0159\u00edsp\u011bvek <span class=\"meta-nav\">&rarr;<\/span><\/a><\/p>\n","protected":false},"author":1,"featured_media":0,"parent":0,"menu_order":0,"comment_status":"closed","ping_status":"open","template":"","meta":{"spay_email":""},"_links":{"self":[{"href":"https:\/\/www.studiokokos.cz\/index.php\/wp-json\/wp\/v2\/pages\/2"}],"collection":[{"href":"https:\/\/www.studiokokos.cz\/index.php\/wp-json\/wp\/v2\/pages"}],"about":[{"href":"https:\/\/www.studiokokos.cz\/index.php\/wp-json\/wp\/v2\/types\/page"}],"author":[{"embeddable":true,"href":"https:\/\/www.studiokokos.cz\/index.php\/wp-json\/wp\/v2\/users\/1"}],"replies":[{"embeddable":true,"href":"https:\/\/www.studiokokos.cz\/index.php\/wp-json\/wp\/v2\/comments?post=2"}],"version-history":[{"count":9,"href":"https:\/\/www.studiokokos.cz\/index.php\/wp-json\/wp\/v2\/pages\/2\/revisions"}],"predecessor-version":[{"id":2047,"href":"https:\/\/www.studiokokos.cz\/index.php\/wp-json\/wp\/v2\/pages\/2\/revisions\/2047"}],"wp:attachment":[{"href":"https:\/\/www.studiokokos.cz\/index.php\/wp-json\/wp\/v2\/media?parent=2"}],"curies":[{"name":"wp","href":"https:\/\/api.w.org\/{rel}","templated":true}]}}